{"id":5401,"date":"2020-03-11T11:10:40","date_gmt":"2020-03-11T08:10:40","guid":{"rendered":"http:\/\/10.6.0.65\/wordpress\/?page_id=5401"},"modified":"2020-03-11T11:10:40","modified_gmt":"2020-03-11T08:10:40","slug":"burs-yonetmeligi","status":"publish","type":"page","link":"https:\/\/test.demok.org\/index.php\/burs-yonetmeligi\/","title":{"rendered":"Burs Y\u00f6netmeli\u011fi"},"content":{"rendered":"\n<p><strong>DEM\u0130RYOL MESLEK OKULU MEZUNLARI DERNE\u011e\u0130<\/strong><\/p>\n\n\n\n<p><strong>BURS Y\u00d6NETMEL\u0130\u011e\u0130<\/strong><\/p>\n\n\n\n<p><strong>19.03.2015<\/strong><\/p>\n\n\n\n<p><strong>Ama\u00e7<\/strong><\/p>\n\n\n\n<p><strong>Madde 1:<\/strong><\/p>\n\n\n\n<p>Bu y\u00f6netmeli\u011fin amac\u0131 Demiryol Meslek Okulu Mezunlar\u0131 Derne\u011fi taraf\u0131ndan Derne\u011fin \u00fcyesi iken vefat etmi\u015f\/eden \u00fcyelerinin, e\u015f ve \u00e7ocuklar\u0131 ile yasal olarak evlat edindikleri \u00e7ocuklar\u0131na verilecek kar\u015f\u0131l\u0131ks\u0131z \u00f6\u011frenim bursuna ili\u015fkin usul ve esaslar\u0131 belirlemektir.<\/p>\n\n\n\n<p><strong>Kapsam ve Dayanak:<\/strong><\/p>\n\n\n\n<p><strong>Madde 2:<\/strong><\/p>\n\n\n\n<p>Bu y\u00f6netmelik h\u00fck\u00fcmleri Demiryol Meslek Okulu Mezunlar\u0131 Derne\u011fi \u00fcyeleri ile dernek taraf\u0131ndan verilecek \u00f6\u011frenim bursunu talep eden di\u011fer ki\u015fileri kapsar. Bu y\u00f6netmelik Demiryol Meslek Okulu Mezunlar\u0131 Derne\u011fi T\u00fcz\u00fc\u011f\u00fcn\u00fcn 14.2 maddesi ile 24.01.2009 tarihli Genel Kurul karar\u0131na dayan\u0131larak haz\u0131rlanm\u0131\u015ft\u0131r.<\/p>\n\n\n\n<p><strong>Tan\u0131mlar:<\/strong><\/p>\n\n\n\n<p><strong>Madde 3:<\/strong><\/p>\n\n\n\n<p>Bu y\u00f6netmelikte ge\u00e7en,<\/p>\n\n\n\n<p>Dernek s\u00f6zc\u00fc\u011f\u00fc, Demiryol Meslek Okulu Mezunlar\u0131 Derne\u011fi Genel Merkezi\u2019ni,<\/p>\n\n\n\n<p>T\u00fcz\u00fck s\u00f6zc\u00fc\u011f\u00fc, Demiryol Meslek Okulu Mezunlar\u0131 Derne\u011fi T\u00fcz\u00fc\u011f\u00fcn\u00fc,<\/p>\n\n\n\n<p>Y\u00f6netmelik s\u00f6zc\u00fc\u011f\u00fc, Demiryol Meslek Okulu Mezunlar\u0131 Derne\u011fi E\u011fitim ve Burs Y\u00f6netmeli\u011fini,<\/p>\n\n\n\n<p>Bursiyer s\u00f6zc\u00fc\u011f\u00fc, bu y\u00f6netmelik kapsam\u0131nda \u00f6\u011frenim bursuna hak kazanan \u00f6\u011frenciyi,<\/p>\n\n\n\n<p>\u00d6\u011frenim bursu s\u00f6zc\u00fc\u011f\u00fc, bu y\u00f6netmelik kapsam\u0131nda kar\u015f\u0131l\u0131ks\u0131z olarak verilecek yard\u0131m\u0131,<\/p>\n\n\n\n<p>Veli s\u00f6zc\u00fc\u011f\u00fc, burs almak i\u00e7in aday bursiyer ad\u0131na derne\u011fe ba\u015fvuran ki\u015fiyi,<\/p>\n\n\n\n<p>\u00dcye s\u00f6zc\u00fc\u011f\u00fc, Demiryol Meslek Okulu Mezunlar\u0131 Derne\u011fi \u00fcyesini ifade eder.<\/p>\n\n\n\n<p><strong>\u00d6\u011frenim Bursu Verilmesine ili\u015fkin Usul ve Esaslar:<\/strong><\/p>\n\n\n\n<p><strong>Madde 4:<\/strong><\/p>\n\n\n\n<p>Bu y\u00f6netmelik ve Dernek t\u00fcz\u00fc\u011f\u00fcn\u00fcn 14\/2-b maddesi kapsam\u0131nda olu\u015fturulan \u00d6\u011frenim Bursu fonunda biriken miktar\u0131n % 80\u2019ni, burs almaya hak kazanan ki\u015fi say\u0131s\u0131na b\u00f6l\u00fcnmesi sonucu bulunacak miktar, her y\u0131l E\u011fitim ve \u00d6\u011fretim y\u0131l\u0131 ba\u015f\u0131nda hak sahiplerine bir y\u0131ll\u0131k ve bir defada olmak \u00fczere e\u015fit miktarda da\u011f\u0131t\u0131l\u0131r.<\/p>\n\n\n\n<p>Burs fonunda kalacak % 20 \u2018lik miktar, bir sonraki d\u00f6nem i\u00e7erisinde olu\u015fabilecek \u00fcye vefat durumunda, vefat eden \u00fcyenin e\u011fitim g\u00f6ren e\u015f ve \u00e7ocuklar\u0131 ile yasal olarak evlat edindikleri \u00e7ocuklar\u0131 i\u00e7in kullan\u0131lmak \u00fczere burs fonunda kalacak olup d\u00f6nem i\u00e7erisinde kullan\u0131lmas\u0131na l\u00fczum kalmad\u0131\u011f\u0131 takdirde bir sonraki E\u011fitim ve \u00d6\u011fretim d\u00f6neminde kullan\u0131l\u0131r.<\/p>\n\n\n\n<p><strong>Burstan yararlanacak ki\u015filer:<\/strong><\/p>\n\n\n\n<p><strong>Madde 5:<\/strong><\/p>\n\n\n\n<p>\u00d6\u011frenim Bursundan;<\/p>\n\n\n\n<p>Dernek \u00fcyesi iken vefat eden \u00fcyenin, bir sosyal g\u00fcvenlik kurumuna ba\u011fl\u0131 herhangi bir i\u015fte \u00fccretli olarak \u00e7al\u0131\u015fmayan yurti\u00e7inde \u00f6rg\u00fcn \u00f6\u011frenim g\u00f6ren ilk, orta, \u00d6n Lisans ve Lisans e\u011fitimi g\u00f6ren b\u00fct\u00fcn \u00e7ocuklar\u0131 ve e\u015fi, Yararlanabilir.<\/p>\n\n\n\n<p><strong>\u00d6\u011frenim Bursu Ba\u015fvuru \u015eartlar\u0131:<\/strong><\/p>\n\n\n\n<p><strong>Madde 6:<\/strong><\/p>\n\n\n\n<p><strong>a)<\/strong>&nbsp;Dernek \u00fcyesi iken vefat eden \u00fcyenin e\u015fi i\u00e7in e\u015fin kendisi, \u00fcyenin \u00e7ocuklar\u0131 veya evlatl\u0131klar\u0131 i\u00e7in velisi, derne\u011fe yaz\u0131l\u0131 olarak ba\u015fvuracakt\u0131r.<\/p>\n\n\n\n<p><strong>b)<\/strong>&nbsp;Ba\u015fvuru s\u0131ras\u0131nda burs istenen ki\u015fi ile Dernek \u00fcyesi iken vefat eden \u00fcyenin akrabal\u0131k derecesini g\u00f6steren belge ve \u00f6\u011frenim belgesi ba\u015fvuruya eklenecektir.<\/p>\n\n\n\n<p><strong>c)<\/strong>&nbsp;Ba\u015fvuruda bursun yat\u0131r\u0131lmas\u0131 istenen banka hesap numaras\u0131 ayr\u0131ca belirtilecektir.<\/p>\n\n\n\n<p><strong>\u00d6\u011frenim Bursundan Yararlanma \u015fartlar\u0131:<\/strong><\/p>\n\n\n\n<p><strong>Madde 7:<\/strong><\/p>\n\n\n\n<p>\u00d6\u011frenim bursundan:<\/p>\n\n\n\n<p>Dernek \u00fcyesi iken vefat etmi\u015f\/eden \u00fcyenin \u00f6\u011frenimdeki e\u015fi, \u00e7ocuklar\u0131 ve evlatl\u0131klar\u0131, yararland\u0131r\u0131labilir.<\/p>\n\n\n\n<p><strong>Ba\u015fvuru ve Hak Kazanma:<\/strong><\/p>\n\n\n\n<p><strong>Madde 8:<\/strong><\/p>\n\n\n\n<p>\u00d6\u011frenim bursuna ba\u015fvurular her y\u0131l 01-30\/Eyl\u00fcl tarihleri aras\u0131nda yap\u0131l\u0131r. Yap\u0131lan ba\u015fvurular Dernek Y\u00f6netim Kurulunca y\u00f6netmelik kapsam\u0131nda de\u011ferlendirilerek, burs almaya hak kazananlar\u0131n listesi her y\u0131l Ekim ay\u0131n\u0131n 15\u2019ine kadar Derne\u011fin \u0130nternet sitesinde yay\u0131mlan\u0131r.<\/p>\n\n\n\n<p>Burs almaya hak kazanamayanlar itirazlar\u0131n\u0131 en ge\u00e7 on be\u015f g\u00fcn i\u00e7inde Derne\u011fe yaz\u0131l\u0131 olarak yaparlar. Dernek Y\u00f6netim Kurulu itirazlar\u0131 on be\u015f g\u00fcn i\u00e7erisinde sonu\u00e7land\u0131rarak yaz\u0131l\u0131 olarak bildirir.<\/p>\n\n\n\n<p>Burs verileceklere ili\u015fkin karar kesinle\u015ftikten sonraki bir hafta i\u00e7inde burslar ilgili banka hesaplar\u0131na yat\u0131r\u0131l\u0131r.<\/p>\n\n\n\n<p><strong>Beyan Esas\u0131:<\/strong><\/p>\n\n\n\n<p><strong>Madde 9:<\/strong><\/p>\n\n\n\n<p>\u00d6\u011frenim bursuna ili\u015fkin Madde 6-a\u2019da belirtilen ilgili ki\u015filerin beyan\u0131 esast\u0131r. Beyan\u0131n aksi sabit oldu\u011funda sorumluluk beyan sahibine aittir.<\/p>\n\n\n\n<p><strong>\u00d6\u011frenim Fonunun gelirleri:<\/strong><\/p>\n\n\n\n<p><strong>Madde 10:<\/strong><\/p>\n\n\n\n<p>Bu y\u00f6netmelik kapsam\u0131nda yap\u0131lacak \u00f6\u011frenim burslar\u0131 i\u00e7in 24.01.2009 tarihli Genel Kurul karar\u0131 ile bir fon kurulmu\u015ftur. Bu fonda toplanan paralar genel h\u00fck\u00fcmlere g\u00f6re dernek geliri say\u0131l\u0131r. Dernek gelirlerinden say\u0131lan bu para y\u00f6netmelik h\u00fck\u00fcmlerine g\u00f6re hak sahiplerine \u00f6dendi\u011finde \u201c\u00d6\u011frenim Bursu\u201d ad\u0131 alt\u0131nda gider yaz\u0131l\u0131r. \u0130lgili muhasebe kayd\u0131 s\u0131ras\u0131nda banka dekontu vs. gider belgesi yerine ge\u00e7er.<\/p>\n\n\n\n<p>\u00d6\u011frenim bursu olarak yap\u0131lacak gider, Ekim-Kas\u0131m\/2014 aylar\u0131nda toplanan aidat\u0131n %15\u2019i ile Aral\u0131k\/2014 ay\u0131ndan Eyl\u00fcl\/2015 ay\u0131na kadar toplanan aidat\u0131n %5\u2019i, 2015-2016 E\u011fitim-\u00d6\u011fretim y\u0131l\u0131 ve daha sonraki y\u0131llarda Ekim (Dahil) \u2013 Eyl\u00fcl (Dahil) d\u00f6nemi gelirlerinin %5\u2019i \u00f6\u011frenim bursu olarak verilir. Ba\u011f\u0131\u015f ve ba\u015fka ki\u015fi ve kurulu\u015flardan bu ama\u00e7la temin edilen gelirler bu y\u00f6netmelik kapsam\u0131nda \u00f6\u011frenim bursu olarak da\u011f\u0131t\u0131l\u0131r.<\/p>\n\n\n\n<p><strong>Madde 11:<\/strong><\/p>\n\n\n\n<p>Bu y\u00f6netmelik Y\u00f6netim Kurulu\u2019nun teklifi ve 29 Kas\u0131m 2014 tarihli Ola\u011fan Genel Kurul\u2019 da g\u00f6r\u00fc\u015f\u00fcld\u00fckten sonra onaylanarak ilan\u0131 tarihinden itibaren y\u00fcr\u00fcrl\u00fc\u011fe girmi\u015ftir.<\/p>\n\n\n\n<p><strong>Madde 12:<\/strong><\/p>\n\n\n\n<p>Bu y\u00f6netmelik h\u00fck\u00fcmlerini Y\u00f6netim Kurulu y\u00fcr\u00fct\u00fcr.<\/p>\n","protected":false},"excerpt":{"rendered":"<p>DEM\u0130RYOL MESLEK OKULU MEZUNLARI DERNE\u011e\u0130 BURS Y\u00d6NETMEL\u0130\u011e\u0130 19.03.2015 Ama\u00e7 Madde 1: Bu y\u00f6netmeli\u011fin amac\u0131 Demiryol Meslek Okulu Mezunlar\u0131 Derne\u011fi taraf\u0131ndan<\/p>\n","protected":false},"author":1,"featured_media":0,"parent":0,"menu_order":0,"comment_status":"closed","ping_status":"closed","template":"","meta":{"ngg_post_thumbnail":0,"footnotes":""},"class_list":["post-5401","page","type-page","status-publish","hentry"],"magazineBlocksPostFeaturedMedia":{"thumbnail":false,"medium":false,"medium_large":false,"large":false,"1536x1536":false,"2048x2048":false,"colormag-highlighted-post":false,"colormag-featured-post-medium":false,"colormag-featured-post-small":false,"colormag-featured-image":false,"colormag-default-news":false,"colormag-featured-image-large":false},"magazineBlocksPostAuthor":{"name":"demok","avatar":"https:\/\/secure.gravatar.com\/avatar\/9f5c36aa8f440a3b593bef073cd3c8619a928af11a5dceba8432cca86a80dd3a?s=96&d=mm&r=g"},"magazineBlocksPostCommentsNumber":false,"magazineBlocksPostExcerpt":"DEM\u0130RYOL MESLEK OKULU MEZUNLARI DERNE\u011e\u0130 BURS Y\u00d6NETMEL\u0130\u011e\u0130 19.03.2015 Ama\u00e7 Madde 1: Bu y\u00f6netmeli\u011fin amac\u0131 Demiryol Meslek Okulu Mezunlar\u0131 Derne\u011fi taraf\u0131ndan","magazineBlocksPostCategories":[],"magazineBlocksPostViewCount":0,"magazineBlocksPostReadTime":5,"_links":{"self":[{"href":"https:\/\/test.demok.org\/index.php\/wp-json\/wp\/v2\/pages\/5401","targetHints":{"allow":["GET"]}}],"collection":[{"href":"https:\/\/test.demok.org\/index.php\/wp-json\/wp\/v2\/pages"}],"about":[{"href":"https:\/\/test.demok.org\/index.php\/wp-json\/wp\/v2\/types\/page"}],"author":[{"embeddable":true,"href":"https:\/\/test.demok.org\/index.php\/wp-json\/wp\/v2\/users\/1"}],"replies":[{"embeddable":true,"href":"https:\/\/test.demok.org\/index.php\/wp-json\/wp\/v2\/comments?post=5401"}],"version-history":[{"count":0,"href":"https:\/\/test.demok.org\/index.php\/wp-json\/wp\/v2\/pages\/5401\/revisions"}],"wp:attachment":[{"href":"https:\/\/test.demok.org\/index.php\/wp-json\/wp\/v2\/media?parent=5401"}],"curies":[{"name":"wp","href":"https:\/\/api.w.org\/{rel}","templated":true}]}}